{"id":90,"date":"2019-07-05T14:12:10","date_gmt":"2019-07-05T12:12:10","guid":{"rendered":"https:\/\/www.arthotel-bremen.de\/?page_id=90"},"modified":"2019-07-09T13:20:50","modified_gmt":"2019-07-09T11:20:50","slug":"ueber-uns","status":"publish","type":"page","link":"https:\/\/www.design-apartments-bremen.de\/en\/ueber-uns\/","title":{"rendered":"About us"},"content":{"rendered":"<p><strong>Die Hotelgruppe Kelber Bremen\nbegr\u00fc\u00dft Sie herzlich in der Hansestadt!<\/strong><\/p>\n\n\n\n<p>Folgende\nHotels in Bremen geh\u00f6ren zu der Hotelgruppe Kelber: <\/p>\n\n\n\n<ul><li>Das <strong>artHotel <\/strong>er\u00f6ffnetim Juli 2019\nund erm\u00f6glicht Kunstliebhabern einen einzigARTigen Aufenthalt,<\/li><li>Das <strong>City<\/strong> <strong>Hotel Hanseatic <\/strong>ist\nklein, aber fein mitten im Herzen der Altstadt gelegen,<\/li><li>Mit dem <strong>Turmhotel Weserblick<\/strong> ist ein\nmaritimes Flair auf die Hansestadt garantiert,<\/li><li>Im <strong>Hotel Haus <\/strong>k\u00f6nnen Sie dem\nhanseatischen Geist in einem echten Altbremer Stadthaus nachsp\u00fcren,<\/li><li>Das <strong>H5 Hotel<\/strong> im zentrumsnahen Stadtteil\nPeterswerder besticht mit einer klaren, modernen Einrichtungslinie,<\/li><li>Das <strong>Hotelschiff Perle<\/strong> auf der Weser ist\neine einmalige Unterkunft mit Wellengang, <\/li><li>In unseren gro\u00dfz\u00fcgig ausgestatteten <strong>Design\nApartments<\/strong> k\u00f6nnen Sie sich wie zu Hause f\u00fchlen,<\/li><li>Mit dem <strong>Wohnmobil Hotel<\/strong> k\u00f6nnen Sie Bremen\nund Umzu in freier Fahrt erkunden!<\/li><\/ul>\n\n\n\n<p>Alle Hotels\nsind zentral gelegen: Ob sie zum Flughafen m\u00f6chten, zum Weserstadion, dem Krankenhaus\nBremen-Mitte oder Links der Weser, ins Stadtzentrum, zur Schlachte, zum Kongresszentrum\noder zu Daimler Benz \u2013 wir sind \u00fcberall in Bremen vertreten!<\/p>","protected":false},"excerpt":{"rendered":"<p>Die Hotelgruppe Kelber Bremen begr\u00fc\u00dft Sie herzlich in der Hansestadt! Folgende Hotels in Bremen geh\u00f6ren zu der Hotelgruppe Kelber: Das artHotel er\u00f6ffnetim Juli 2019 und erm\u00f6glicht Kunstliebhabern einen einzigARTigen Aufenthalt, &#8230; <\/p>\n<div class=\"text-center\"><a class=\"more-link\" href=\"https:\/\/www.design-apartments-bremen.de\/en\/ueber-uns\/\">Mehr erfahren <i class=\"fa fa-angle-double-right\"><\/i><\/a><\/div>","protected":false},"author":1,"featured_media":0,"parent":0,"menu_order":0,"comment_status":"closed","ping_status":"closed","template":"templates\/template-aboutus.php","meta":[],"_links":{"self":[{"href":"https:\/\/www.design-apartments-bremen.de\/en\/wp-json\/wp\/v2\/pages\/90"}],"collection":[{"href":"https:\/\/www.design-apartments-bremen.de\/en\/wp-json\/wp\/v2\/pages"}],"about":[{"href":"https:\/\/www.design-apartments-bremen.de\/en\/wp-json\/wp\/v2\/types\/page"}],"author":[{"embeddable":true,"href":"https:\/\/www.design-apartments-bremen.de\/en\/wp-json\/wp\/v2\/users\/1"}],"replies":[{"embeddable":true,"href":"https:\/\/www.design-apartments-bremen.de\/en\/wp-json\/wp\/v2\/comments?post=90"}],"version-history":[{"count":2,"href":"https:\/\/www.design-apartments-bremen.de\/en\/wp-json\/wp\/v2\/pages\/90\/revisions"}],"predecessor-version":[{"id":395,"href":"https:\/\/www.design-apartments-bremen.de\/en\/wp-json\/wp\/v2\/pages\/90\/revisions\/395"}],"wp:attachment":[{"href":"https:\/\/www.design-apartments-bremen.de\/en\/wp-json\/wp\/v2\/media?parent=90"}],"curies":[{"name":"wp","href":"https:\/\/api.w.org\/{rel}","templated":true}]}}